{"id":78,"date":"2023-07-16T23:35:13","date_gmt":"2023-07-16T21:35:13","guid":{"rendered":"https:\/\/www.statek-uprostred.cz\/?page_id=78"},"modified":"2023-08-02T18:36:51","modified_gmt":"2023-08-02T16:36:51","slug":"opravy","status":"publish","type":"page","link":"https:\/\/www.statek-uprostred.cz\/index.php\/opravy\/","title":{"rendered":"Opravy"},"content":{"rendered":"<div class='pt-cv-wrapper'> <div class=\"pt-cv-view pt-cv-blockgrid iscvblock iscvreal list1 layout1 cveffect-zoomin\" id=\"pt-cv-view-6grz50pu\"><div data-id=\"pt-cv-page-1\" class=\"pt-cv-page\" data-cvc=\"1\"><div class=\" pt-cv-content-item pt-cv-2-col\" ><div class=\"pt-cv-thumb-wrapper pull-left \"><a href=\"https:\/\/www.statek-uprostred.cz\/index.php\/prehled-prace-2025\/4683\/\" class=\"_self pt-cv-href-thumbnail pt-cv-thumb-left\" target=\"_self\" ><img loading=\"lazy\" decoding=\"async\" width=\"768\" height=\"579\" src=\"https:\/\/www.statek-uprostred.cz\/wp-content\/uploads\/2026\/03\/IMG_20251226_145332-768x579.jpg\" class=\"pt-cv-thumbnail pull-left\" alt=\"\" \/><\/a><\/div>\n<div class=\"pt-cv-colwrap\"><h2 class=\"pt-cv-title\"><a href=\"https:\/\/www.statek-uprostred.cz\/index.php\/prehled-prace-2025\/4683\/\" class=\"_self\" target=\"_self\" >P\u0159ehled pr\u00e1ce 2025: \u0160t\u00edt a okna stodoly<\/a><\/h2><div class=\"pt-cv-content\">V roce 2025 se pracovalo hlavn\u011b na stodole, to je te\u010f na\u0161e stavba \u010d\u00edslo jedna a moc si j\u00ed v\u00e1\u017e\u00edme a radujeme se n\u00ed tak n\u011bjak \u010d\u00edm d\u00e1l v\u00edc. Krov je hotov\u00fd z minul\u00e9ho roku, tento rok pracoval Zbyn\u011bk a pomocn\u00edci na \u0161t\u00edtech a usazovaly se prvn\u00ed okna. &#8212; Franti\u0161ka tak\u00e9 dokon\u010dila om\u00edtku do dvora, to byl velk\u00fd nedod\u011blek minul\u00fdch let &#8230;<\/div><div class=\"pt-cv-rmwrap\"><a href=\"https:\/\/www.statek-uprostred.cz\/index.php\/prehled-prace-2025\/4683\/\" class=\"_self pt-cv-readmore btn btn-success\" target=\"_self\" >V\u00edce&#8230;<\/a><\/div><div class=\"pt-cv-meta-fields\"><span class=\"entry-date\"> <time datetime=\"2026-03-19T22:41:57+01:00\">19. 3. 2026<\/time><\/span><span> | <\/span><span class=\"terms\"> <a href='https:\/\/www.statek-uprostred.cz\/index.php\/category\/aktuality\/' title='Aktuality' class='pt-cv-tax-aktuality'>Aktuality<\/a>, <a href='https:\/\/www.statek-uprostred.cz\/index.php\/category\/opravy\/' title='Opravy' class='pt-cv-tax-opravy'>Opravy<\/a><\/span><\/div><\/div><\/div>\n<div class=\" pt-cv-content-item pt-cv-2-col\" ><div class=\"pt-cv-thumb-wrapper pull-left \"><a href=\"https:\/\/www.statek-uprostred.cz\/index.php\/dokoncovani-krovu-stodoly\/3175\/\" class=\"_self pt-cv-href-thumbnail pt-cv-thumb-left\" target=\"_self\" ><img loading=\"lazy\" decoding=\"async\" width=\"768\" height=\"578\" src=\"https:\/\/www.statek-uprostred.cz\/wp-content\/uploads\/2024\/05\/IMG_20240430_133217-768x578.jpg\" class=\"pt-cv-thumbnail pull-left\" alt=\"stodola prostredni vydri dokonceni krovu\" \/><\/a><\/div>\n<div class=\"pt-cv-colwrap\"><h2 class=\"pt-cv-title\"><a href=\"https:\/\/www.statek-uprostred.cz\/index.php\/dokoncovani-krovu-stodoly\/3175\/\" class=\"_self\" target=\"_self\" >P\u0159ehled pr\u00e1ce 2024: Dokon\u010den\u00ed st\u0159echy na stodole a letn\u00ed p\u016fdy<\/a><\/h2><div class=\"pt-cv-content\">Zde je p\u0159ehled ve\u0161ker\u00e9 pr\u00e1ce, kterou jsme v roce 2024 d\u011blali kolem statku. T\u00fdkala se hlavn\u011b stodoly a p\u016fdy. Po t\u0159ech letech pr\u00e1ce na stodole s odkryt\u00fdm krovem jsme st\u0159echu kone\u010dn\u011b v \u00fanoru pokryli. V b\u0159eznu se um\u00edstily h\u0159ebenov\u00e9 plechy a v dubnu bylo t\u00e9m\u011b\u0159 hotovo, jen po\u0159\u00e1d chyb\u011bl lev\u00fd horn\u00ed ro\u017eek. Na ja\u0159e jsme se pustili do \u00fapravy nov\u00e9 p\u016fdy a vytvo\u0159ili tam &#8230;<\/div><div class=\"pt-cv-rmwrap\"><a href=\"https:\/\/www.statek-uprostred.cz\/index.php\/dokoncovani-krovu-stodoly\/3175\/\" class=\"_self pt-cv-readmore btn btn-success\" target=\"_self\" >V\u00edce&#8230;<\/a><\/div><div class=\"pt-cv-meta-fields\"><span class=\"entry-date\"> <time datetime=\"2024-12-30T23:22:24+01:00\">30. 12. 2024<\/time><\/span><span> | <\/span><span class=\"terms\"> <a href='https:\/\/www.statek-uprostred.cz\/index.php\/category\/aktuality\/' title='Aktuality' class='pt-cv-tax-aktuality'>Aktuality<\/a>, <a href='https:\/\/www.statek-uprostred.cz\/index.php\/category\/opravy\/' title='Opravy' class='pt-cv-tax-opravy'>Opravy<\/a><\/span><\/div><\/div><\/div>\n<div class=\" pt-cv-content-item pt-cv-2-col\" ><div class=\"pt-cv-thumb-wrapper pull-left \"><a href=\"https:\/\/www.statek-uprostred.cz\/index.php\/jak-se-nam-to-malem-podarilo-prace-na-stodole-v-listopadu-a-prosinci-2023\/2880\/\" class=\"_self pt-cv-href-thumbnail pt-cv-thumb-left\" target=\"_self\" ><img loading=\"lazy\" decoding=\"async\" width=\"768\" height=\"579\" src=\"https:\/\/www.statek-uprostred.cz\/wp-content\/uploads\/2024\/01\/IMG_20231128_111948-768x579.jpg\" class=\"pt-cv-thumbnail pull-left\" alt=\"\" \/><\/a><\/div>\n<div class=\"pt-cv-colwrap\"><h2 class=\"pt-cv-title\"><a href=\"https:\/\/www.statek-uprostred.cz\/index.php\/jak-se-nam-to-malem-podarilo-prace-na-stodole-v-listopadu-a-prosinci-2023\/2880\/\" class=\"_self\" target=\"_self\" >Jak se n\u00e1m to m\u00e1lem poda\u0159ilo. Pr\u00e1ce na stodole v listopadu a prosinci 2023<\/a><\/h2><div class=\"pt-cv-content\">Pr\u00e1ce na stodole pokra\u010dovala odstran\u011bn\u00edm v\u0161ech star\u00fdch \u010d\u00e1st\u00ed, tak\u017ee se kone\u010dn\u011b vyloupl nov\u00fd tvar. Vznik\u00e1 velik\u00fd vik\u00fd\u0159, za\u010d\u00edn\u00e1me la\u0165ovat, d\u00e1vaj\u00ed se plechov\u00e9 lemy a u\u017e nos\u00edme ta\u0161ky nahoru na lat\u011b. Pracovali na tom zase Zbyn\u011bk a \u0160imon, jezdil Josef Vrbka, v listopadu p\u0159ij\u00ed\u017ed\u011bli Schlangerovi jako brig\u00e1dn\u00edci jen tak z\u00a0dobr\u00e9 v\u016fle. Pak 25. listopadu napadl sn\u00edh a m\u00edsto bobrovkami se krov pokryl sn\u011bhovou pe\u0159inou. V &#8230;<\/div><div class=\"pt-cv-rmwrap\"><a href=\"https:\/\/www.statek-uprostred.cz\/index.php\/jak-se-nam-to-malem-podarilo-prace-na-stodole-v-listopadu-a-prosinci-2023\/2880\/\" class=\"_self pt-cv-readmore btn btn-success\" target=\"_self\" >V\u00edce&#8230;<\/a><\/div><div class=\"pt-cv-meta-fields\"><span class=\"entry-date\"> <time datetime=\"2024-01-02T20:38:46+01:00\">2. 1. 2024<\/time><\/span><span> | <\/span><span class=\"terms\"> <a href='https:\/\/www.statek-uprostred.cz\/index.php\/category\/opravy\/' title='Opravy' class='pt-cv-tax-opravy'>Opravy<\/a><\/span><\/div><\/div><\/div>\n<div class=\" pt-cv-content-item pt-cv-2-col\" ><div class=\"pt-cv-thumb-wrapper pull-left \"><a href=\"https:\/\/www.statek-uprostred.cz\/index.php\/stavitele-chramu-aneb-prace-na-stodole-v-zari-a-rijnu-2023\/2841\/\" class=\"_self pt-cv-href-thumbnail pt-cv-thumb-left\" target=\"_self\" ><img loading=\"lazy\" decoding=\"async\" width=\"768\" height=\"578\" src=\"https:\/\/www.statek-uprostred.cz\/wp-content\/uploads\/2023\/12\/IMG_20231014_163049-768x578.jpg\" class=\"pt-cv-thumbnail pull-left\" alt=\"\" \/><\/a><\/div>\n<div class=\"pt-cv-colwrap\"><h2 class=\"pt-cv-title\"><a href=\"https:\/\/www.statek-uprostred.cz\/index.php\/stavitele-chramu-aneb-prace-na-stodole-v-zari-a-rijnu-2023\/2841\/\" class=\"_self\" target=\"_self\" >Stavitel\u00e9 chr\u00e1mu? aneb Pr\u00e1ce na stodole v z\u00e1\u0159\u00ed a \u0159\u00edjnu 2023<\/a><\/h2><div class=\"pt-cv-content\">Rekonstrukce krovu se bl\u00ed\u017e\u00ed k z\u00e1v\u011bru. Do poloviny \u0159\u00edjna jsme pracovali jen j\u00e1 a Zbyn\u011bk, byla tak\u00e9 brig\u00e1da s olomouckou partou. Pak se v\u0161echno velmi v\u00fdrazn\u011b zrychlilo, kdy\u017e se do pr\u00e1ce zapojil \u0160imon Kirschner a za\u010dal jezdit taky tesa\u0159 Josef Vrbka. A dokon\u010dili cel\u00fd krov! Po\u010das\u00ed n\u00e1m p\u0159eje, je po\u0159\u00e1d teplo a sv\u00edt\u00ed slunce &#8230;<\/div><div class=\"pt-cv-rmwrap\"><a href=\"https:\/\/www.statek-uprostred.cz\/index.php\/stavitele-chramu-aneb-prace-na-stodole-v-zari-a-rijnu-2023\/2841\/\" class=\"_self pt-cv-readmore btn btn-success\" target=\"_self\" >V\u00edce&#8230;<\/a><\/div><div class=\"pt-cv-meta-fields\"><span class=\"entry-date\"> <time datetime=\"2023-12-15T10:22:01+01:00\">15. 12. 2023<\/time><\/span><span> | <\/span><span class=\"terms\"> <a href='https:\/\/www.statek-uprostred.cz\/index.php\/category\/opravy\/' title='Opravy' class='pt-cv-tax-opravy'>Opravy<\/a><\/span><\/div><\/div><\/div>\n<div class=\" pt-cv-content-item pt-cv-2-col\" ><div class=\"pt-cv-thumb-wrapper pull-left \"><a href=\"https:\/\/www.statek-uprostred.cz\/index.php\/olomoucka-parta-na-brigade-a-koleso-dejin-zari-2023\/2735\/\" class=\"_self pt-cv-href-thumbnail pt-cv-thumb-left\" target=\"_self\" ><img loading=\"lazy\" decoding=\"async\" width=\"768\" height=\"579\" src=\"https:\/\/www.statek-uprostred.cz\/wp-content\/uploads\/2023\/10\/IMG_20230928_191337-768x579.jpg\" class=\"pt-cv-thumbnail pull-left\" alt=\"\" \/><\/a><\/div>\n<div class=\"pt-cv-colwrap\"><h2 class=\"pt-cv-title\"><a href=\"https:\/\/www.statek-uprostred.cz\/index.php\/olomoucka-parta-na-brigade-a-koleso-dejin-zari-2023\/2735\/\" class=\"_self\" target=\"_self\" >Olomouck\u00e1 parta na brig\u00e1d\u011b a &#8222;koleso d\u011bjin&#8220;. Z\u00e1\u0159\u00ed 2023<\/a><\/h2><div class=\"pt-cv-content\">Na podzimn\u00ed brig\u00e1du p\u0159ijela star\u00e1 dobr\u00e1 olomouck\u00e1 parta, Darja, Ond\u0159ej a Al\u017eb\u011bta a dva nov\u00ed lid\u00e9, Jirka a Kl\u00e1ra. Ota s\u00a0Luci\u00ed pob\u00fdvali na statku u\u017e od ned\u011ble. A byli s n\u00e1mi taky Zbyn\u011bk s Honzou, kte\u0159\u00ed od\u0159\u00edzli ze stodoly 89 let star\u00fd tr\u00e1m. Za\u010dali jsem tak\u00e9 se stavbou op\u011brn\u00e9ho pil\u00ed\u0159e u zdi a sb\u00edrali jabka. Bylo to dobr\u00e9 a intenzivn\u00ed. Po\u010das\u00ed bylo kr\u00e1sn\u00e9, ale &#8230;<\/div><div class=\"pt-cv-rmwrap\"><a href=\"https:\/\/www.statek-uprostred.cz\/index.php\/olomoucka-parta-na-brigade-a-koleso-dejin-zari-2023\/2735\/\" class=\"_self pt-cv-readmore btn btn-success\" target=\"_self\" >V\u00edce&#8230;<\/a><\/div><div class=\"pt-cv-meta-fields\"><span class=\"entry-date\"> <time datetime=\"2023-10-08T21:40:24+02:00\">8. 10. 2023<\/time><\/span><span> | <\/span><span class=\"terms\"> <a href='https:\/\/www.statek-uprostred.cz\/index.php\/category\/opravy\/' title='Opravy' class='pt-cv-tax-opravy'>Opravy<\/a><\/span><\/div><\/div><\/div>\n<div class=\" pt-cv-content-item pt-cv-2-col\" ><div class=\"pt-cv-thumb-wrapper pull-left \"><a href=\"https:\/\/www.statek-uprostred.cz\/index.php\/od-pozednice-k-povzdusnici-prace-na-stodole-v-srpnu-2023\/2615\/\" class=\"_self pt-cv-href-thumbnail pt-cv-thumb-left\" target=\"_self\" ><img loading=\"lazy\" decoding=\"async\" width=\"768\" height=\"579\" src=\"https:\/\/www.statek-uprostred.cz\/wp-content\/uploads\/2023\/09\/IMG_20230812_121459-768x579.jpg\" class=\"pt-cv-thumbnail pull-left\" alt=\"\" \/><\/a><\/div>\n<div class=\"pt-cv-colwrap\"><h2 class=\"pt-cv-title\"><a href=\"https:\/\/www.statek-uprostred.cz\/index.php\/od-pozednice-k-povzdusnici-prace-na-stodole-v-srpnu-2023\/2615\/\" class=\"_self\" target=\"_self\" >Od pozednice k povzdu\u0161nici. Pr\u00e1ce na stodole v srpnu 2023<\/a><\/h2><div class=\"pt-cv-content\">V srpnu pokra\u010duje na\u0161e snaha o rekonstrukci stodoly, u\u017e opravujeme krov. Je to dosti vtipn\u00e9 a zaj\u00edmav\u00e9 po\u010d\u00edn\u00e1n\u00ed, proto\u017ee to d\u011bl\u00e1me bez firmy, po mal\u00fdch kousk\u00e1ch, ob\u010das p\u0159ekon\u00e1me vlastn\u00ed hranice. Na konci srpna tak\u00e9 zde na statku zem\u0159ela moje maminka Juliana, zrovna tu byl Zbyn\u011bk na stodole, tak se to prom\u00edtne i do pracovn\u00edho z\u00e1pisu. Ta stodola je zvl\u00e1\u0161tn\u00ed d\u00edlo, nev\u00edme, co budujeme a &#8230;<\/div><div class=\"pt-cv-rmwrap\"><a href=\"https:\/\/www.statek-uprostred.cz\/index.php\/od-pozednice-k-povzdusnici-prace-na-stodole-v-srpnu-2023\/2615\/\" class=\"_self pt-cv-readmore btn btn-success\" target=\"_self\" >V\u00edce&#8230;<\/a><\/div><div class=\"pt-cv-meta-fields\"><span class=\"entry-date\"> <time datetime=\"2023-09-22T22:19:12+02:00\">22. 9. 2023<\/time><\/span><span> | <\/span><span class=\"terms\"> <a href='https:\/\/www.statek-uprostred.cz\/index.php\/category\/opravy\/' title='Opravy' class='pt-cv-tax-opravy'>Opravy<\/a><\/span><\/div><\/div><\/div>\n<div class=\" pt-cv-content-item pt-cv-2-col\" ><div class=\"pt-cv-thumb-wrapper pull-left \"><a href=\"https:\/\/www.statek-uprostred.cz\/index.php\/mini-brigada-muzske-a-zenske-prace-cervenec-2023\/2093\/\" class=\"_self pt-cv-href-thumbnail pt-cv-thumb-left\" target=\"_self\" ><img loading=\"lazy\" decoding=\"async\" width=\"768\" height=\"579\" src=\"https:\/\/www.statek-uprostred.cz\/wp-content\/uploads\/2023\/08\/IMG_20230729_162419-kopie-768x579.jpg\" class=\"pt-cv-thumbnail pull-left\" alt=\"\" \/><\/a><\/div>\n<div class=\"pt-cv-colwrap\"><h2 class=\"pt-cv-title\"><a href=\"https:\/\/www.statek-uprostred.cz\/index.php\/mini-brigada-muzske-a-zenske-prace-cervenec-2023\/2093\/\" class=\"_self\" target=\"_self\" >Mini-brig\u00e1da &#8222;mu\u017esk\u00e9&#8220; a &#8222;\u017eensk\u00e9&#8220; pr\u00e1ce. \u010cervenec 2023<\/a><\/h2><div class=\"pt-cv-content\">Posledn\u00ed \u010dervencov\u00fd t\u00fdden (od 24. do 31.) pob\u00fdvala na statku v\u00fdtvarnice Eli\u0161ka Vrbov\u00e1, na v\u00edkend pak p\u0159ijela Dana Syslov\u00e1 na dal\u0161\u00ed stodoln\u00ed brig\u00e1du. Zbyn\u011bk Burian a Honza Krombholz si v\u0161ak vysta\u010dili p\u0159i pokl\u00e1d\u00e1n\u00ed pozednice sami, tak Eli\u0161ka, Dana a Franti\u0161ka vytvo\u0159ily &#8222;vzdoropartu s kala\u010dem&#8220;. V textu tak\u00e9 vysv\u011btluju nepsan\u00e1 pravidla pr\u00e1ce na statku, kter\u00e1 se zv\u00fdraznila jejich nezavin\u011bn\u00fdm poru\u0161en\u00edm &#8230;<\/div><div class=\"pt-cv-rmwrap\"><a href=\"https:\/\/www.statek-uprostred.cz\/index.php\/mini-brigada-muzske-a-zenske-prace-cervenec-2023\/2093\/\" class=\"_self pt-cv-readmore btn btn-success\" target=\"_self\" >V\u00edce&#8230;<\/a><\/div><div class=\"pt-cv-meta-fields\"><span class=\"entry-date\"> <time datetime=\"2023-07-30T12:59:00+02:00\">30. 7. 2023<\/time><\/span><span> | <\/span><span class=\"terms\"> <a href='https:\/\/www.statek-uprostred.cz\/index.php\/category\/opravy\/' title='Opravy' class='pt-cv-tax-opravy'>Opravy<\/a><\/span><\/div><\/div><\/div>\n<div class=\" pt-cv-content-item pt-cv-2-col\" ><div class=\"pt-cv-thumb-wrapper pull-left \"><a href=\"https:\/\/www.statek-uprostred.cz\/index.php\/brigada-na-opravu-stodoly-7-9-cervence-2023\/1088\/\" class=\"_self pt-cv-href-thumbnail pt-cv-thumb-left\" target=\"_self\" ><img loading=\"lazy\" decoding=\"async\" width=\"768\" height=\"335\" src=\"https:\/\/www.statek-uprostred.cz\/wp-content\/uploads\/2023\/08\/IMG_20230707_154502-768x335.jpg\" class=\"pt-cv-thumbnail pull-left\" alt=\"\" \/><\/a><\/div>\n<div class=\"pt-cv-colwrap\"><h2 class=\"pt-cv-title\"><a href=\"https:\/\/www.statek-uprostred.cz\/index.php\/brigada-na-opravu-stodoly-7-9-cervence-2023\/1088\/\" class=\"_self\" target=\"_self\" >Fotogalerie z brig\u00e1dy na opravu stodoly a betonov\u00e1n\u00ed. \u010cervenec 2023<\/a><\/h2><div class=\"pt-cv-content\">Druh\u00e1 leto\u0161n\u00ed brig\u00e1da na opravu stodoly prob\u011bhla o v\u00edkendu 7.\u20139. \u010dervence. D\u011blali jsme hlavn\u011b betonov\u00fd v\u011bnec na dlouh\u00e9 severn\u00ed zdi stodoly. Parta byla op\u011bt velmi vyda\u0159en\u00e1 a \u00fa\u010dast hojn\u00e1. Cel\u00fd den sv\u00edtilo slunce, vysok\u00e1 azurov\u00e1 obloha. P\u0159ijeli V\u00e1clav a Ivana Stankovi\u010dovi, Vladim\u00edr Svatopluk Ko\u0161\u00e1rek, kter\u00e9mu se \u0159\u00edk\u00e1 Vej\u0161ka, Jaroslav Marc\u00edn, Vlastimil \u0160t\u00edpsk\u00fd. Dal\u0161\u00ed \u010d\u00e1st\u00ed party byli Tom\u00e1\u0161 Kobl\u00ed\u017eek, jeho \u017eena Julie a syn Melichar &#8230;<\/div><div class=\"pt-cv-rmwrap\"><a href=\"https:\/\/www.statek-uprostred.cz\/index.php\/brigada-na-opravu-stodoly-7-9-cervence-2023\/1088\/\" class=\"_self pt-cv-readmore btn btn-success\" target=\"_self\" >V\u00edce&#8230;<\/a><\/div><div class=\"pt-cv-meta-fields\"><span class=\"entry-date\"> <time datetime=\"2023-07-13T00:04:00+02:00\">13. 7. 2023<\/time><\/span><span> | <\/span><span class=\"terms\"> <a href='https:\/\/www.statek-uprostred.cz\/index.php\/category\/galerie\/' title='Galerie' class='pt-cv-tax-galerie'>Galerie<\/a>, <a href='https:\/\/www.statek-uprostred.cz\/index.php\/category\/opravy\/' title='Opravy' class='pt-cv-tax-opravy'>Opravy<\/a><\/span><\/div><\/div><\/div>\n<div class=\" pt-cv-content-item pt-cv-2-col\" ><div class=\"pt-cv-thumb-wrapper pull-left \"><a href=\"https:\/\/www.statek-uprostred.cz\/index.php\/brigada-na-opravu-stodoly-7-9-cervence\/815\/\" class=\"_self pt-cv-href-thumbnail pt-cv-thumb-left\" target=\"_self\" ><img loading=\"lazy\" decoding=\"async\" width=\"768\" height=\"576\" src=\"https:\/\/www.statek-uprostred.cz\/wp-content\/uploads\/2023\/07\/1cerven1-768x576.jpg\" class=\"pt-cv-thumbnail pull-left\" alt=\"\" \/><\/a><\/div>\n<div class=\"pt-cv-colwrap\"><h2 class=\"pt-cv-title\"><a href=\"https:\/\/www.statek-uprostred.cz\/index.php\/brigada-na-opravu-stodoly-7-9-cervence\/815\/\" class=\"_self\" target=\"_self\" >Brig\u00e1da na opravu stodoly, betonov\u00e1n\u00ed. \u010cervenec 2023<\/a><\/h2><div class=\"pt-cv-content\">Druh\u00e1 leto\u0161n\u00ed brig\u00e1da na opravu stodoly prob\u011bhla o v\u00edkendu 7.\u20139. \u010dervence. D\u011blali jsme hlavn\u011b betonov\u00fd v\u011bnec na dlouh\u00e9 severn\u00ed zdi stodoly. Parta byla op\u011bt velmi vyda\u0159en\u00e1 a \u00fa\u010dast hojn\u00e1 &#8230;<\/div><div class=\"pt-cv-rmwrap\"><a href=\"https:\/\/www.statek-uprostred.cz\/index.php\/brigada-na-opravu-stodoly-7-9-cervence\/815\/\" class=\"_self pt-cv-readmore btn btn-success\" target=\"_self\" >V\u00edce&#8230;<\/a><\/div><div class=\"pt-cv-meta-fields\"><span class=\"entry-date\"> <time datetime=\"2023-07-09T12:25:41+02:00\">9. 7. 2023<\/time><\/span><span> | <\/span><span class=\"terms\"> <a href='https:\/\/www.statek-uprostred.cz\/index.php\/category\/opravy\/' title='Opravy' class='pt-cv-tax-opravy'>Opravy<\/a><\/span><\/div><\/div><\/div><\/div><\/div>\n<div class=\" pt-cv-pagination-wrapper\"><ul class=\"pt-cv-pagination pt-cv-normal pagination\" data-totalpages=\"5\" data-currentpage=\"1\" data-sid=\"6grz50pu\" data-unid=\"\" data-isblock=\"list1\" data-postid=\"0\"><li class=\"active\"><a href=\"#\">1<\/a><\/li>\n\t<li ><a class=\"\" href=\"https:\/\/www.statek-uprostred.cz\/index.php\/wp-json\/wp\/v2\/pages\/78\/?_page=2\">2<\/a><\/li>\n\t<li ><a class=\"\" href=\"https:\/\/www.statek-uprostred.cz\/index.php\/wp-json\/wp\/v2\/pages\/78\/?_page=3\">3<\/a><\/li>\n\t<li ><a href=\"#\">&hellip;<\/a><\/li>\n\t<li ><a class=\"\" href=\"https:\/\/www.statek-uprostred.cz\/index.php\/wp-json\/wp\/v2\/pages\/78\/?_page=5\">5<\/a><\/li>\n\t<li ><a class=\" \" href=\"https:\/\/www.statek-uprostred.cz\/index.php\/wp-json\/wp\/v2\/pages\/78\/?_page=2\">&rsaquo;<\/a><\/li>\n\t<\/ul><img loading=\"lazy\" decoding=\"async\" width=\"15\" height=\"15\" class=\"pt-cv-spinner\" alt=\"Loading...\" src=\"data:image\/gif;base64,R0lGODlhDwAPALMPAMrKygwMDJOTkz09PZWVla+vr3p6euTk5M7OzuXl5TMzMwAAAJmZmWZmZszMzP\/\/\/yH\/C05FVFNDQVBFMi4wAwEAAAAh+QQFCgAPACwAAAAADwAPAAAEQvDJaZaZOIcV8iQK8VRX4iTYoAwZ4iCYoAjZ4RxejhVNoT+mRGP4cyF4Pp0N98sBGIBMEMOotl6YZ3S61Bmbkm4mAgAh+QQFCgAPACwAAAAADQANAAAENPDJSRSZeA418itN8QiK8BiLITVsFiyBBIoYqnoewAD4xPw9iY4XLGYSjkQR4UAUD45DLwIAIfkEBQoADwAsAAAAAA8ACQAABC\/wyVlamTi3nSdgwFNdhEJgTJoNyoB9ISYoQmdjiZPcj7EYCAeCF1gEDo4Dz2eIAAAh+QQFCgAPACwCAAAADQANAAAEM\/DJBxiYeLKdX3IJZT1FU0iIg2RNKx3OkZVnZ98ToRD4MyiDnkAh6BkNC0MvsAj0kMpHBAAh+QQFCgAPACwGAAAACQAPAAAEMDC59KpFDll73HkAA2wVY5KgiK5b0RRoI6MuzG6EQqCDMlSGheEhUAgqgUUAFRySIgAh+QQFCgAPACwCAAIADQANAAAEM\/DJKZNLND\/kkKaHc3xk+QAMYDKsiaqmZCxGVjSFFCxB1vwy2oOgIDxuucxAMTAJFAJNBAAh+QQFCgAPACwAAAYADwAJAAAEMNAs86q1yaWwwv2Ig0jUZx3OYa4XoRAfwADXoAwfo1+CIjyFRuEho60aSNYlOPxEAAAh+QQFCgAPACwAAAIADQANAAAENPA9s4y8+IUVcqaWJ4qEQozSoAzoIyhCK2NFU2SJk0hNnyEOhKR2AzAAj4Pj4GE4W0bkJQIAOw==\" \/><div class=\"clear pt-cv-clear-pagination\"><\/div><\/div> <\/div> <style>\n\n#pt-cv-view-6grz50pu { margin: 0px 0px 30px 0px;padding: 0px 0px 0px 0px; }#pt-cv-view-6grz50pu .pt-cv-content-item { background-color: #3c6487ab;padding: 15px 15px 15px 15px; }#pt-cv-view-6grz50pu .pt-cv-meta-fields { margin: 3px 10px 0px 10px; }#pt-cv-view-6grz50pu .pt-cv-meta-fields * { color: #9da6c4;font-weight: 600;font-size: 16px; }#pt-cv-view-6grz50pu .pt-cv-thumb-wrapper:not(.miniwrap) { width: 31%; }#pt-cv-view-6grz50pu .pt-cv-thumbnail:not(.pt-cv-thumbnailsm) { height: 273px; }#pt-cv-view-6grz50pu .pt-cv-title a { display: block;margin: 5px 10px 10px 10px;padding: 0px 0px 0px 0px; }#pt-cv-view-6grz50pu .pt-cv-title:not(.pt-cv-titlesm) a { font-weight: 600;text-decoration: none;font-size: 25px; }#pt-cv-view-6grz50pu .pt-cv-titlesm a { font-weight: 600;font-size: 18px; }#pt-cv-view-6grz50pu .pt-cv-content { color: #efeff5;font-weight: 500;font-size: 19px;line-height: 27px;margin: 10px 10px 10px 10px; }#pt-cv-view-6grz50pu .pt-cv-rmwrap {  }#pt-cv-view-6grz50pu .pt-cv-readmore { color: #efeff5;background-color: #96a0c8;font-weight: 800;text-transform: normal;font-family: \"Asap\";font-size: 17px;margin: 10px 10px 10px 10px;padding: 2px 8px 3px 8px; }#pt-cv-view-6grz50pu .pt-cv-taxoterm {  }#pt-cv-view-6grz50pu .pt-cv-taxoterm * { color: #222;background-color: #fff6f6;font-size: 14px; }#pt-cv-view-6grz50pu + .pt-cv-pagination-wrapper {  }#pt-cv-view-6grz50pu + .pt-cv-pagination-wrapper a { color: #efeff5;background-color: #3c6487ab;border-style: none;font-size: 14px; }#pt-cv-view-6grz50pu + .pt-cv-pagination-wrapper .active a { background-color: #96a0c8; }#pt-cv-view-6grz50pu > .pt-cv-page {grid-template-columns: repeat(1, 1fr);grid-gap: 10px;}#pt-cv-view-6grz50pu .pt-cv-rmwrap:hover {  }#pt-cv-view-6grz50pu .pt-cv-readmore:hover { background-color: #c0cbf0; }#pt-cv-view-6grz50pu + .pt-cv-pagination-wrapper:hover {  }#pt-cv-view-6grz50pu + .pt-cv-pagination-wrapper a:hover { background-color: #c0cbf0; }\n@media all and (max-width: 1024px) { \n#pt-cv-view-6grz50pu > .pt-cv-page {grid-template-columns: repeat(1, 1fr);}\n} \n@media all and (max-width: 767px) { \n#pt-cv-view-6grz50pu .pt-cv-content-item { padding: 8px 8px 8px 8px; }#pt-cv-view-6grz50pu .pt-cv-content { margin: 6px 6px 6px 6px; }#pt-cv-view-6grz50pu > .pt-cv-page {grid-template-columns: repeat(1, 1fr);}\n} <\/style><link href='\/\/fonts.googleapis.com\/css?family=Default' rel='stylesheet' type='text\/css'><link href='\/\/fonts.googleapis.com\/css?family=Asap' rel='stylesheet' type='text\/css'>","protected":false},"excerpt":{"rendered":"","protected":false},"author":1,"featured_media":0,"parent":0,"menu_order":0,"comment_status":"closed","ping_status":"closed","template":"","meta":{"_kad_post_transparent":"","_kad_post_title":"","_kad_post_layout":"default","_kad_post_sidebar_id":"","_kad_post_content_style":"unboxed","_kad_post_vertical_padding":"","_kad_post_feature":"","_kad_post_feature_position":"","_kad_post_header":false,"_kad_post_footer":false,"_kad_post_classname":"","footnotes":""},"class_list":["post-78","page","type-page","status-publish","hentry"],"_links":{"self":[{"href":"https:\/\/www.statek-uprostred.cz\/index.php\/wp-json\/wp\/v2\/pages\/78","targetHints":{"allow":["GET"]}}],"collection":[{"href":"https:\/\/www.statek-uprostred.cz\/index.php\/wp-json\/wp\/v2\/pages"}],"about":[{"href":"https:\/\/www.statek-uprostred.cz\/index.php\/wp-json\/wp\/v2\/types\/page"}],"author":[{"embeddable":true,"href":"https:\/\/www.statek-uprostred.cz\/index.php\/wp-json\/wp\/v2\/users\/1"}],"replies":[{"embeddable":true,"href":"https:\/\/www.statek-uprostred.cz\/index.php\/wp-json\/wp\/v2\/comments?post=78"}],"version-history":[{"count":6,"href":"https:\/\/www.statek-uprostred.cz\/index.php\/wp-json\/wp\/v2\/pages\/78\/revisions"}],"predecessor-version":[{"id":1503,"href":"https:\/\/www.statek-uprostred.cz\/index.php\/wp-json\/wp\/v2\/pages\/78\/revisions\/1503"}],"wp:attachment":[{"href":"https:\/\/www.statek-uprostred.cz\/index.php\/wp-json\/wp\/v2\/media?parent=78"}],"curies":[{"name":"wp","href":"https:\/\/api.w.org\/{rel}","templated":true}]}}