{"id":376,"date":"2023-07-25T22:01:25","date_gmt":"2023-07-25T20:01:25","guid":{"rendered":"https:\/\/www.statek-uprostred.cz\/?page_id=376"},"modified":"2025-12-28T23:04:47","modified_gmt":"2025-12-28T22:04:47","slug":"pobyty","status":"publish","type":"page","link":"https:\/\/www.statek-uprostred.cz\/index.php\/pobyty\/","title":{"rendered":"Pobyty"},"content":{"rendered":"\n<h2 class=\"wp-block-heading\">Pobyty zdarma: <strong>Um\u011blci, badatel\u00e9, studenti a \u010dlenov\u00e9 spolku<\/strong><\/h2>\n\n\n\n<p>Ubytov\u00e1n\u00ed \u201ezdarma\u201c (za dobrovoln\u00fd mal\u00fd p\u0159\u00edsp\u011bvek nebo pomoc s&nbsp;prac\u00ed kolem statku) je ur\u010deno pro um\u011blce, badatele a studenty, kte\u0159\u00ed hledaj\u00ed klidn\u00e9 m\u00edsto na soust\u0159ed\u011bnou kreativn\u00ed \u010di badatelskou \u010dinnost z&nbsp;jak\u00e9koli oblasti \u2013 literatura, studium, film, v\u00fdtvarno, v\u00fdzkum, hudba\u2026 Nebo si tady m\u016f\u017eete jen tak p\u0159em\u00fd\u0161let a pl\u00e1novat, prom\u00fd\u0161let novou cestu, vyrovnat se s&nbsp;minulost\u00ed, nabrat nov\u00e9 s\u00edly. &#8212; Tento typ ubytov\u00e1n\u00ed nab\u00edz\u00edme od roku 2014.<\/p>\n\n\n\n<ul class=\"wp-block-list\">\n<li>N\u00e1rok na ubytov\u00e1n\u00ed zdarma maj\u00ed tak\u00e9 \u010dlenov\u00e9 spolku, kte\u0159\u00ed zaplatili 3 roky po sob\u011b \u010dlensk\u00fd p\u0159\u00edsp\u011bvek. <\/li>\n\n\n\n<li>Jak to na statku vypad\u00e1 se pod\u00edvejte ve <strong><a href=\"https:\/\/www.statek-uprostred.cz\/index.php\/__trashed-2\/1289\/\">virtu\u00e1ln\u00ed prohl\u00eddce<\/a><\/strong><\/li>\n\n\n\n<li>M\u00edsto pobytu (<a href=\"https:\/\/www.statek-uprostred.cz\/index.php\/_-vejminka\/1356\/\" data-type=\"link\" data-id=\"https:\/\/www.statek-uprostred.cz\/index.php\/_-vejminka\/1356\/\"><strong>vejminka<\/strong><\/a>, <a href=\"https:\/\/www.statek-uprostred.cz\/index.php\/_-vzor-galerie-album-nemenit-jen-duplikovat-kopie\/1357\/\" data-type=\"link\" data-id=\"https:\/\/www.statek-uprostred.cz\/index.php\/_-vzor-galerie-album-nemenit-jen-duplikovat-kopie\/1357\/\"><strong>p\u016fda<\/strong><\/a>, <strong><a href=\"https:\/\/www.statek-uprostred.cz\/index.php\/hostinsky-pokoj\/1560\/\" data-type=\"link\" data-id=\"https:\/\/www.statek-uprostred.cz\/index.php\/hostinsky-pokoj\/1560\/\">hostinsk\u00fd poko<\/a>j<\/strong>) vybereme podle ro\u010dn\u00ed doby a situace na statku.  <\/li>\n\n\n\n<li>Je nutn\u00e9, aby \u010dlov\u011bk byl samostatn\u00fd, za\u0159\u00eddil si vlastn\u00ed j\u00eddlo a dok\u00e1zal se o samot\u011b v\u011bnovat sv\u00e9 pr\u00e1ci. Tv\u016fr\u010d\u00ed pobyt opravdu nen\u00ed spole\u010densk\u00fd pobyt typu: budeme si spolu pov\u00eddat. V l\u00e9t\u011b se v\u00edd\u00e1me svobodn\u011b na dvo\u0159e nebo u ohn\u011b, pracujeme spole\u010dn\u011b chv\u00edli na n\u011b\u010dem kolem statku, v zim\u011b se m\u016f\u017eeme domluvit na posezen\u00ed u n\u011bjak\u00e9ho t\u00e9matu, nebo si spole\u010dn\u011b zacvi\u010dit, ale c\u00edlem pobytu je soust\u0159ed\u011bn\u00ed na n\u011bjakou \u010dinnost. <\/li>\n\n\n\n<li>Nejedn\u00e1 se tedy o stipendijn\u00ed pobyt, ale zato nemus\u00edte nikomu vysv\u011btlovat, \u017ee si pobyt zaslou\u017e\u00edte, a kdy\u017e se v\u00e1m nic nepoda\u0159\u00ed vytvo\u0159it, v\u016fbec nevad\u00ed. Sta\u010d\u00ed mi napsat, na \u010dem tady chcete pracovat, uv\u00e9st t\u0159eba n\u011bjak\u00e9 odkazy, kdo jste, a vybereme term\u00edn. <\/li>\n<\/ul>\n\n\n\n<p>Na statku pob\u00fdvali krom\u011b student\u016f tak\u00e9 spisovatel\u00e9, badatel\u00e9, sc\u00e9n\u00e1rist\u00e9, hudebn\u00edci, v\u00fdtvarn\u00edci a dal\u0161\u00ed. Nezkoum\u00e1me detailn\u011b, co tu kdo d\u011bl\u00e1 a jestli se mu n\u011bco poda\u0159\u00ed dokon\u010dit, ale n\u011bkte\u0159\u00ed pak daj\u00ed v\u011bd\u011bt, \u017ee vy\u0161lo n\u011bco, co z\u010d\u00e1sti vznikalo tak\u00e9 na statku.<\/p>\n\n\n\n<ul class=\"wp-block-list\">\n<li>Na konci ka\u017ed\u00e9ho roku p\u0159ipravujeme p\u0159ehledy pobyt\u016f. Pod n\u00e1zvem <em>Pobyty a n\u00e1v\u0161t\u011bvy na statku v roce &#8230;<\/em> je najdete na str\u00e1nce <strong><a href=\"https:\/\/www.statek-uprostred.cz\/index.php\/akce\/\" data-type=\"link\" data-id=\"https:\/\/www.statek-uprostred.cz\/index.php\/akce\/\">Ud\u00e1losti<\/a><\/strong>.<\/li>\n<\/ul>\n\n\n\n<div class=\"wp-block-buttons is-layout-flex wp-block-buttons-is-layout-flex\">\n<div class=\"wp-block-button\"><a class=\"wp-block-button__link wp-element-button\" href=\"https:\/\/www.statek-uprostred.cz\/index.php\/knihy-ktere-vznikaly-na-statku\/513\/\">Jak\u00e1 d\u00edla na statku vznikala<\/a><\/div>\n<\/div>\n\n\n\n<div style=\"height:34px\" aria-hidden=\"true\" class=\"wp-block-spacer\"><\/div>\n\n\n\n<hr class=\"wp-block-separator has-alpha-channel-opacity\"\/>\n\n\n\n<h2 class=\"wp-block-heading\"><strong>Neziskov\u00e9 pom\u00e1haj\u00edc\u00ed organizace a v\u011bt\u0161\u00ed skupiny<\/strong> s vlastn\u00edm programem<\/h2>\n\n\n\n<p>D\u00e1le nab\u00edz\u00edme pobyty zdarma v&nbsp;l\u00e9t\u011b a na podzim pro v\u011bt\u0161\u00ed skupiny z&nbsp;pom\u00e1haj\u00edc\u00edch neziskovek a jejich klienty. Nebo pro jin\u00e9 skupiny se zaj\u00edmav\u00fdm programem (vzd\u011bl\u00e1v\u00e1n\u00ed, j\u00f3ga, um\u011bn\u00ed&#8230;) za poplatek 150 K\u010d za osobu a noc. <\/p>\n\n\n\n<ul class=\"wp-block-list\">\n<li>P\u0159edpokladem je, \u017ee si zajist\u00edte vlastn\u00ed program. Majitelka statku se nebude programu \u00fa\u010dastnit, ale velmi r\u00e1da nab\u00eddne prostory. Va\u0159it si m\u016f\u017eete ve vejmince (pokud bude voln\u00e1), v&nbsp;hostinsk\u00e9m pokoji na va\u0159i\u010di, na letn\u00ed p\u016fd\u011b nebo venku na ohni; v\u00fdjime\u010dn\u011b p\u016fj\u010dujeme i velkou sednici. <\/li>\n\n\n\n<li>Mo\u017enost ubytov\u00e1n\u00ed je na <strong><a href=\"https:\/\/www.statek-uprostred.cz\/index.php\/_-vzor-galerie-album-nemenit-jen-duplikovat-kopie\/1357\/\" data-type=\"link\" data-id=\"https:\/\/www.statek-uprostred.cz\/index.php\/_-vzor-galerie-album-nemenit-jen-duplikovat-kopie\/1357\/\">letn\u00ed <\/a><a href=\"https:\/\/www.statek-uprostred.cz\/index.php\/_-vzor-galerie-album-nemenit-jen-duplikovat-kopie\/1357\/\" target=\"_blank\" rel=\"noreferrer noopener\">p\u016fd\u011b<\/a><\/strong> (7\u201310 lid\u00ed), ve <strong><a href=\"https:\/\/www.statek-uprostred.cz\/index.php\/_-vejminka\/1356\/\">vejmince<\/a><\/strong>, pokud je zrovna voln\u00e1 (3 m\u00edsta), a v&nbsp;hostinsk\u00e9m pokoji (3 m\u00edsta). Pro sv\u00e9 aktivity m\u016f\u017eete vyu\u017e\u00edt zelen\u00fd dv\u016fr nebo zahradu vzadu otev\u0159enou do krajiny.<\/li>\n\n\n\n<li>K&nbsp;dispozici je WC pro n\u00e1v\u0161t\u011bvn\u00edky na hlavn\u00ed budov\u011b, sprcha i wc na vejmince, nebo po domluv\u011b sprcha na hlavn\u00ed budov\u011b. Pohybovat se m\u016f\u017eete po cel\u00e9m velk\u00e9m prostoru statku \u2013 dv\u016fr, zahrada, p\u016fda, stodoly. Sou\u010d\u00e1st\u00ed pobytu m\u016f\u017ee b\u00fdt podle domluvy pomoc s&nbsp;lehkou sez\u00f3nn\u00ed prac\u00ed (hrab\u00e1n\u00ed pokosen\u00e9 tr\u00e1vy, ukl\u00edzen\u00ed na\u0161t\u00edpan\u00e9ho d\u0159eva apod.).<\/li>\n<\/ul>\n\n\n\n<hr class=\"wp-block-separator has-alpha-channel-opacity\"\/>\n\n\n\n<h2 class=\"wp-block-heading\">Report\u00e1\u017ee o pobytech ve Zpravodaji ze statku<\/h2>\n\n\n\n<p>O pobytech p\u00ed\u0161e Franti\u0161ka pravideln\u011b ka\u017ed\u00fd m\u011bs\u00edc ve Zpr\u00e1v\u00e1ch ze Statku uProst\u0159ed, kter\u00e9 m\u016f\u017eete dost\u00e1vat na email. Dozv\u00edte se tam, kdo tu pob\u00fdval a co d\u011blal (pobyt ale m\u016f\u017ee b\u00fdt i zcela anonymn\u00ed), jak pokro\u010dila rekonstrukce, co pl\u00e1nujeme za novinky, co chyst\u00e1me za akce z astrologie, j\u00f3gy nebo z Teilhardovy spole\u010dnosti, co Franti\u0161ka zrovna p\u00ed\u0161e a \u0159e\u0161\u00ed. Je tam tak\u00e9 obr\u00e1zek od Juliany, b\u00e1se\u0148 od Magora, tip na knihu, ob\u010das i n\u011bco z hudby. V\u0161e tematicky lad\u011bno k p\u0159\u00edslu\u0161n\u00e9mu m\u011bs\u00edci.<\/p>\n\n\n\n<button class=\"ml-onclick-form\" onclick=\"ml('show', '3o3rdc', true)\">Chci dost\u00e1vat Zpr\u00e1vy ze statku<\/button>\n\n\n\n<div style=\"height:32px\" aria-hidden=\"true\" class=\"wp-block-spacer\"><\/div>\n\n\n\n<hr class=\"wp-block-separator has-alpha-channel-opacity\"\/>\n\n\n\n<h2 class=\"wp-block-heading\">Komer\u010dn\u00ed pobyty<\/h2>\n\n\n\n<ul class=\"wp-block-list\">\n<li>Nab\u00eddku na\u0161eho komer\u010dn\u00edho ubytov\u00e1n\u00ed hledejte na AirBnb.cz a Booking.com v&nbsp;lokalit\u011b Da\u010dice nebo Tel\u010d pod n\u00e1zvem \u201e\u00datuln\u00fd domek se zahr\u00e1dkou\u201c. Pokud se v\u00e1m nab\u00eddka neuk\u00e1\u017ee, znamen\u00e1 to, \u017ee je v dan\u00e9m term\u00ednu obsazeno. Z\u00e1jem je pom\u011brn\u011b velk\u00fd. <\/li>\n\n\n\n<li>Cena za noc pro jednu osobu se pohybuje kolem 700 K\u010d, za v\u00edce osob je p\u0159\u00edplatek 50 %. <\/li>\n\n\n\n<li>Do vejminky, kterou ke komer\u010dn\u00edmu ubytov\u00e1n\u00ed nab\u00edz\u00edme, nahl\u00e9dn\u011bte v <strong><a href=\"https:\/\/www.statek-uprostred.cz\/index.php\/_-vejminka\/1356\/\" data-type=\"URL\" data-id=\"https:\/\/www.statek-uprostred.cz\/index.php\/2023\/08\/02\/_-vejminka\/\">galerii<\/a><\/strong>.<\/li>\n<\/ul>\n\n\n\n<hr class=\"wp-block-separator has-alpha-channel-opacity\"\/>\n\n\n\n<h2 class=\"wp-block-heading\">Mo\u017enost zap\u016fj\u010den\u00ed sednice na hlavn\u00ed budov\u011b<\/h2>\n\n\n\n<p>Ve v\u00fdjime\u010dn\u00fdch p\u0159\u00edpadech lze domluvit i zap\u016fj\u010den\u00ed sednice na hlavn\u00ed budov\u011b, kde se d\u00e1 v zim\u011b sp\u00e1t (na matrace se vejde tak 5 lid\u00ed). Pobyt je t\u0159eba domlouvat d\u00e9le p\u0159edem. Ide\u00e1ln\u00ed typy projekt\u016f &#8222;do sednice&#8220; jsou nap\u0159. skupinov\u00e1 pr\u00e1ce na p\u0159ekladu knihy, semin\u00e1\u0159 z humanitn\u00edch v\u011bd, j\u00f3gov\u00fd pobyt, um\u011bleck\u00e9 soust\u0159ed\u011bn\u00ed apod. V m\u00edstnosti je tak\u00e9 tabule.<\/p>\n\n\n\n<hr class=\"wp-block-separator has-alpha-channel-opacity\"\/>\n\n\n\n<h2 class=\"wp-block-heading\">Jak si zamluvit pobyt<\/h2>\n\n\n\n<p>Z\u00e1jemce o pobyt nap\u00ed\u0161e Franti\u0161ce Jirousov\u00e9 na email frantiska.j@centrum.cz, vysv\u011btl\u00ed, na \u010dem pracuje, jak dlouho by pot\u0159eboval pob\u00fdt, kolik v\u00e1s bude, p\u0159\u00edpadn\u011b jakou akci by si zde neziskovka cht\u011bla po\u0159\u00e1dat \u2013 a navrhne term\u00edn. Na dal\u0161\u00edm se domluv\u00edme podle aktu\u00e1ln\u00ed obsazenosti statku. <\/p>\n\n\n\n<hr class=\"wp-block-separator has-alpha-channel-opacity\"\/>\n\n\n\n<h2 class=\"wp-block-heading\">\u017dij\u00ed zde ko\u010dky<\/h2>\n\n\n\n<p>Upozor\u0148ujeme, \u017ee p\u00e1nem pozemku je kocour \u017dol\u00edk (je\u0161t\u011b ned\u00e1vno to byl Frodo, ale ten bohu\u017eel v srpnu 2025 um\u0159el), kter\u00fd chod\u00ed, kde chce, a zkoum\u00e1, co chce. Je to n\u00e1ru\u017eiv\u00fd lovec a nos\u00ed sv\u00e9 \u00falovky (v \u017eiv\u00e9m i mrtv\u00e9m stavu) po pozemku. Pobyty tedy nejsou vhodn\u00e9 pro alergiky na ko\u010dky a my\u0161ofobiky. \u00dacta ke ko\u010dstvu je zde z\u00e1sadn\u00edm pravidlem. Po domluv\u011b je mo\u017en\u00e9 p\u0159ijet i se psem, ale pes mus\u00ed b\u00fdt dob\u0159e vychovan\u00fd a nepron\u00e1sledovat pana \u017dol\u00edka. Miniaturn\u00ed a m\u00e9n\u011b pohybliv\u00ed psi maj\u00ed \u0161anci i na del\u0161\u00ed pobyt.<\/p>\n\n\n\n<hr class=\"wp-block-separator has-alpha-channel-opacity\"\/>\n\n\n\n<h2 class=\"wp-block-heading\">Pobyty pro neziskovky ji\u017e vyu\u017eily nebo opakovan\u011b vyu\u017e\u00edvaj\u00ed tyto organizace:<\/h2>\n\n\n\n<ul class=\"wp-block-list\">\n<li>Platforma pro komplexn\u00ed p\u0159\u00edstup k u\u017e\u00edv\u00e1n\u00ed drog a z\u00e1vislostem<\/li>\n\n\n\n<li>N\u00e1sledn\u00e1 p\u00e9\u010de Jihlava, Oblastn\u00ed charita Jihlava (tu je <strong><a href=\"https:\/\/www.statek-uprostred.cz\/index.php\/program-pro-klienty-nasledne-pece-cerven-2023\/433\/\" data-type=\"URL\" data-id=\"https:\/\/www.statek-uprostred.cz\/index.php\/2023\/06\/25\/program-pro-klienty-nasledne-pece-cerven-2023\/\">zpr\u00e1va<\/a><\/strong> o jejich prvn\u00edm pobytu v roce 2023)<\/li>\n\n\n\n<li>Gymn\u00e1zium Pam\u011bti n\u00e1roda, Praha (tu je <a href=\"https:\/\/www.statek-uprostred.cz\/index.php\/religionisticky-vyjezd-studentu-gymnazia-pameti-naroda-rijen-2023\/2806\/\" data-type=\"link\" data-id=\"https:\/\/www.statek-uprostred.cz\/index.php\/religionisticky-vyjezd-studentu-gymnazia-pameti-naroda-rijen-2023\/2806\/\">zpr\u00e1va<\/a> o jejich prvn\u00edm pobytu v roce 2023)<\/li>\n\n\n\n<li>Sd\u00edlen\u00ed &#8211; pe\u010dovatelsk\u00e1 slu\u017eba p\u016fsob\u00edc\u00ed v Tel\u010di a okol\u00ed (zpr\u00e1va o jejich prvn\u00edm pobytu v roce 2025 je <a href=\"https:\/\/www.statek-uprostred.cz\/index.php\/porada-pecovatelske-sluzby-sdileni-kveten-2025\/3956\/\" data-type=\"link\" data-id=\"https:\/\/www.statek-uprostred.cz\/index.php\/porada-pecovatelske-sluzby-sdileni-kveten-2025\/3956\/\">zde<\/a>)<\/li>\n<\/ul>\n","protected":false},"excerpt":{"rendered":"<p>Pobyty zdarma: Um\u011blci, badatel\u00e9, studenti a \u010dlenov\u00e9 spolku Ubytov\u00e1n\u00ed \u201ezdarma\u201c (za dobrovoln\u00fd mal\u00fd p\u0159\u00edsp\u011bvek nebo pomoc s&nbsp;prac\u00ed kolem statku) je ur\u010deno pro um\u011blce, badatele a studenty, kte\u0159\u00ed hledaj\u00ed klidn\u00e9 m\u00edsto na soust\u0159ed\u011bnou kreativn\u00ed \u010di badatelskou \u010dinnost z&nbsp;jak\u00e9koli oblasti \u2013 literatura, studium, film, v\u00fdtvarno, v\u00fdzkum, hudba\u2026 Nebo si tady m\u016f\u017eete jen tak p\u0159em\u00fd\u0161let a pl\u00e1novat, prom\u00fd\u0161let&#8230;<\/p>\n","protected":false},"author":2,"featured_media":0,"parent":0,"menu_order":0,"comment_status":"closed","ping_status":"closed","template":"","meta":{"_kad_post_transparent":"","_kad_post_title":"","_kad_post_layout":"","_kad_post_sidebar_id":"","_kad_post_content_style":"","_kad_post_vertical_padding":"","_kad_post_feature":"","_kad_post_feature_position":"","_kad_post_header":false,"_kad_post_footer":false,"_kad_post_classname":"","footnotes":""},"class_list":["post-376","page","type-page","status-publish","hentry"],"_links":{"self":[{"href":"https:\/\/www.statek-uprostred.cz\/index.php\/wp-json\/wp\/v2\/pages\/376","targetHints":{"allow":["GET"]}}],"collection":[{"href":"https:\/\/www.statek-uprostred.cz\/index.php\/wp-json\/wp\/v2\/pages"}],"about":[{"href":"https:\/\/www.statek-uprostred.cz\/index.php\/wp-json\/wp\/v2\/types\/page"}],"author":[{"embeddable":true,"href":"https:\/\/www.statek-uprostred.cz\/index.php\/wp-json\/wp\/v2\/users\/2"}],"replies":[{"embeddable":true,"href":"https:\/\/www.statek-uprostred.cz\/index.php\/wp-json\/wp\/v2\/comments?post=376"}],"version-history":[{"count":89,"href":"https:\/\/www.statek-uprostred.cz\/index.php\/wp-json\/wp\/v2\/pages\/376\/revisions"}],"predecessor-version":[{"id":4552,"href":"https:\/\/www.statek-uprostred.cz\/index.php\/wp-json\/wp\/v2\/pages\/376\/revisions\/4552"}],"wp:attachment":[{"href":"https:\/\/www.statek-uprostred.cz\/index.php\/wp-json\/wp\/v2\/media?parent=376"}],"curies":[{"name":"wp","href":"https:\/\/api.w.org\/{rel}","templated":true}]}}